{"id":14123,"date":"2021-12-03T17:58:27","date_gmt":"2021-12-03T16:58:27","guid":{"rendered":"https:\/\/www.seabridge.de\/datenschutz\/"},"modified":"2023-08-10T11:43:49","modified_gmt":"2023-08-10T09:43:49","slug":"datenschutz","status":"publish","type":"page","link":"https:\/\/www.seabridge.de\/cs\/datenschutz\/","title":{"rendered":"Ochrana \u00fadaj\u016f"},"content":{"rendered":"<section class=\"l-section wpb_row height_auto\"><div class=\"l-section-h i-cf\"><div class=\"g-cols vc_row via_flex valign_top type_default stacking_default\"><div class=\"vc_col-sm-12 wpb_column vc_column_container\"><div class=\"vc_column-inner\"><div class=\"wpb_wrapper\"><div class=\"wpb_text_column\"><div class=\"wpb_wrapper\"><h3>1. Jm\u00e9no a adresa odpov\u011bdn\u00e9 osoby<\/h3>\n<p>Odpov\u011bdnou osobou ve smyslu obecn\u00e9ho na\u0159\u00edzen\u00ed o ochran\u011b osobn\u00edch \u00fadaj\u016f a dal\u0161\u00edch vnitrost\u00e1tn\u00edch pr\u00e1vn\u00edch p\u0159edpis\u016f \u010dlensk\u00fdch st\u00e1t\u016f o ochran\u011b osobn\u00edch \u00fadaj\u016f, jako\u017e i dal\u0161\u00edch p\u0159edpis\u016f o ochran\u011b osobn\u00edch \u00fadaj\u016f, je spole\u010dnost:<\/p>\n<p>Seabridge Transport GmbH<br \/>\nLudwig-Erhard-Str. 14<br \/>\n20459 Hamburg<br \/>\nDeutschland<\/p>\n<p>Tel.: +49 40 374933-0<\/p>\n<p>E-Mail: <a>info(at)seabridge.de<\/a><\/p>\n<p>Website: <a href=\"http:\/\/www.seabridge.de\/\" target=\"_blank\" rel=\"noopener\">www.seabridge.de<\/a><\/p>\n<h3>2. Jm\u00e9no a kontaktn\u00ed \u00fadaje pov\u011b\u0159ence pro ochranu osobn\u00edch \u00fadaj\u016f<\/h3>\n<p>Pov\u011b\u0159enec pro ochranu osobn\u00edch \u00fadaj\u016f spr\u00e1vce \u00fadaj\u016f je:<\/p>\n<p>Celin Kock<br \/>\nEmail: <a href=\"mailto:kock@seabridge.de\">kock(at)seabridge.de<\/a><br \/>\nTelefon: <a href=\"tel:04037493374\">040-374933-74<\/a><\/p>\n<h3>3. Obecn\u00e9 informace o zpracov\u00e1n\u00ed \u00fadaj\u016f<\/h3>\n<p>3.1. Rozsah zpracov\u00e1n\u00ed osobn\u00edch \u00fadaj\u016f<\/p>\n<p>Osobn\u00ed \u00fadaje na\u0161ich u\u017eivatel\u016f z\u00e1sadn\u011b shroma\u017e\u010fujeme a pou\u017e\u00edv\u00e1me pouze v rozsahu nezbytn\u00e9m pro zpracov\u00e1n\u00ed na\u0161ich smluv. Po spln\u011bn\u00ed smluvn\u00edch z\u00e1vazk\u016f zpracov\u00e1v\u00e1me \u00fadaje pouze po ud\u011blen\u00ed souhlasu. V\u00fdjimku tvo\u0159\u00ed p\u0159\u00edpady, kdy z\u00edsk\u00e1n\u00ed p\u0159edchoz\u00edho souhlasu nen\u00ed z faktick\u00fdch d\u016fvod\u016f mo\u017en\u00e9 nebo je zpracov\u00e1n\u00ed \u00fadaj\u016f povoleno pr\u00e1vn\u00edmi p\u0159edpisy.<\/p>\n<p>3.2. Pr\u00e1vn\u00ed z\u00e1klad pro zpracov\u00e1n\u00ed osobn\u00edch \u00fadaj\u016f<\/p>\n<p>Pokud z\u00edsk\u00e1me souhlas subjektu \u00fadaj\u016f se zpracov\u00e1n\u00edm operac\u00ed t\u00fdkaj\u00edc\u00edch se osobn\u00edch \u00fadaj\u016f, slou\u017e\u00ed tento souhlas k tomu Art. 6 Abs. 1 lit. a DSGVO jako pr\u00e1vn\u00ed z\u00e1klad.<\/p>\n<p>P\u0159i zpracov\u00e1n\u00ed osobn\u00edch \u00fadaj\u016f nezbytn\u00e9m pro pln\u011bn\u00ed smlouvy, jej\u00ed\u017e smluvn\u00ed stranou je subjekt \u00fadaj\u016f, slou\u017e\u00ed Art. 6 Abs. 1 lit. b DSGVO jako pr\u00e1vn\u00ed z\u00e1klad. To plat\u00ed i pro operace zpracov\u00e1n\u00ed, kter\u00e9 jsou nezbytn\u00e9 pro proveden\u00ed opat\u0159en\u00ed p\u0159ed uzav\u0159en\u00edm smlouvy.<\/p>\n<p>Pokud je zpracov\u00e1n\u00ed osobn\u00edch \u00fadaj\u016f nezbytn\u00e9 pro spln\u011bn\u00ed pr\u00e1vn\u00ed povinnosti, kter\u00e1 se na na\u0161i spole\u010dnost vztahuje, slou\u017e\u00ed zpracov\u00e1n\u00ed osobn\u00edch \u00fadaj\u016f ke spln\u011bn\u00ed t\u00e9to povinnosti Art. 6 Abs. 1 lit. c DSGVO jako pr\u00e1vn\u00ed z\u00e1klad.<\/p>\n<p>Pokud je zpracov\u00e1n\u00ed nezbytn\u00e9 k ochran\u011b opr\u00e1vn\u011bn\u00e9ho z\u00e1jmu na\u0161\u00ed spole\u010dnosti nebo t\u0159et\u00ed strany a z\u00e1jmy, z\u00e1kladn\u00ed pr\u00e1va a svobody subjektu \u00fadaj\u016f nep\u0159eva\u017euj\u00ed nad prvn\u00edm uveden\u00fdm z\u00e1jmem, slou\u017e\u00ed k \u00fa\u010delu zpracov\u00e1n\u00ed n\u00e1sleduj\u00edc\u00ed \u00fadaje Art. 6 Abs. 1 lit. f DSGVO jako pr\u00e1vn\u00ed z\u00e1klad pro zpracov\u00e1n\u00ed.<\/p>\n<p>3.3. Vymaz\u00e1n\u00ed \u00fadaj\u016f a doba ulo\u017een\u00ed<\/p>\n<p>Osobn\u00ed \u00fadaje subjektu \u00fadaj\u016f se vyma\u017eou nebo zablokuj\u00ed, jakmile pomine \u00fa\u010del jejich uchov\u00e1v\u00e1n\u00ed. K ulo\u017een\u00ed m\u016f\u017ee doj\u00edt tak\u00e9 v p\u0159\u00edpad\u011b, \u017ee tak stanovil evropsk\u00fd nebo vnitrost\u00e1tn\u00ed z\u00e1konod\u00e1rce v na\u0159\u00edzen\u00edch, z\u00e1konech nebo jin\u00fdch p\u0159edpisech Unie, kter\u00e9 se na spr\u00e1vce vztahuj\u00ed. \u00dadaje budou rovn\u011b\u017e zablokov\u00e1ny nebo vymaz\u00e1ny, pokud uplyne doba uchov\u00e1v\u00e1n\u00ed stanoven\u00e1 v\u00fd\u0161e uveden\u00fdmi normami, pokud nen\u00ed nutn\u00e9 \u00fadaje nad\u00e1le uchov\u00e1vat pro uzav\u0159en\u00ed nebo pln\u011bn\u00ed smlouvy.<\/p>\n<h3>4. Poskytov\u00e1n\u00ed webov\u00fdch str\u00e1nek a vytv\u00e1\u0159en\u00ed protokolov\u00fdch soubor\u016f<\/h3>\n<p>4.1. Popis a rozsah zpracov\u00e1n\u00ed \u00fadaj\u016f<\/p>\n<p>P\u0159i ka\u017ed\u00e9m p\u0159\u00edstupu na na\u0161e webov\u00e9 str\u00e1nky n\u00e1\u0161 syst\u00e9m automaticky shroma\u017e\u010fuje data a informace z po\u010d\u00edta\u010dov\u00e9ho syst\u00e9mu po\u010d\u00edta\u010de, kter\u00fd k nim p\u0159istupuje. Shroma\u017e\u010fuj\u00ed se n\u00e1sleduj\u00edc\u00ed \u00fadaje:<\/p>\n<p>a) Informace o typu a verzi pou\u017eit\u00e9ho prohl\u00ed\u017ee\u010de<br \/>\nb) Opera\u010dn\u00ed syst\u00e9m u\u017eivatele<br \/>\nc) Poskytovatel internetov\u00fdch slu\u017eeb u\u017eivatele<br \/>\nd) IP adresa u\u017eivatele<br \/>\ne) Datum a \u010das p\u0159\u00edstupu<br \/>\nf) Webov\u00e9 str\u00e1nky, ze kter\u00fdch syst\u00e9m u\u017eivatele p\u0159istupuje na na\u0161e webov\u00e9 str\u00e1nky<\/p>\n<p>\u00dadaje se tak\u00e9 ukl\u00e1daj\u00ed do soubor\u016f protokolu na\u0161eho syst\u00e9mu. Tyto \u00fadaje nejsou ukl\u00e1d\u00e1ny spole\u010dn\u011b s dal\u0161\u00edmi osobn\u00edmi \u00fadaji u\u017eivatele.<\/p>\n<p>4.2. Pr\u00e1vn\u00ed z\u00e1klad pro zpracov\u00e1n\u00ed \u00fadaj\u016f<\/p>\n<p>Pr\u00e1vn\u00edm z\u00e1kladem pro do\u010dasn\u00e9 ukl\u00e1d\u00e1n\u00ed \u00fadaj\u016f a protokolov\u00fdch soubor\u016f je Art. 6 Abs. 1 lit. f DSGVO.<\/p>\n<p>4.3. \u00da\u010del zpracov\u00e1n\u00ed \u00fadaj\u016f<\/p>\n<p>Do\u010dasn\u00e9 ulo\u017een\u00ed IP adresy syst\u00e9mem je nezbytn\u00e9 pro doru\u010den\u00ed webov\u00e9 str\u00e1nky do po\u010d\u00edta\u010de u\u017eivatele. Za t\u00edmto \u00fa\u010delem mus\u00ed IP adresa u\u017eivatele z\u016fstat ulo\u017eena po dobu trv\u00e1n\u00ed relace.<\/p>\n<p>Ukl\u00e1d\u00e1n\u00ed do protokolov\u00fdch soubor\u016f se prov\u00e1d\u00ed za \u00fa\u010delem zaji\u0161t\u011bn\u00ed funk\u010dnosti webov\u00fdch str\u00e1nek. Krom\u011b toho \u00fadaje pou\u017e\u00edv\u00e1me k optimalizaci webov\u00fdch str\u00e1nek a k zaji\u0161t\u011bn\u00ed bezpe\u010dnosti na\u0161ich syst\u00e9m\u016f informa\u010dn\u00edch technologi\u00ed. K vyhodnocov\u00e1n\u00ed \u00fadaj\u016f pro marketingov\u00e9 \u00fa\u010dely v t\u00e9to souvislosti nedoch\u00e1z\u00ed.<br \/>\nTyto \u00fa\u010dely jsou tak\u00e9 na\u0161\u00edm opr\u00e1vn\u011bn\u00fdm z\u00e1jmem p\u0159i zpracov\u00e1n\u00ed \u00fadaj\u016f podle \u010dl. 6 odst. 1 p\u00edsm. f DSGVO.<\/p>\n<p>4.4. Doba skladov\u00e1n\u00ed<\/p>\n<p>\u00dadaje jsou vymaz\u00e1ny, jakmile ji\u017e nejsou pot\u0159ebn\u00e9 k dosa\u017een\u00ed \u00fa\u010delu, pro kter\u00fd byly shrom\u00e1\u017ed\u011bny. V p\u0159\u00edpad\u011b shroma\u017e\u010fov\u00e1n\u00ed \u00fadaj\u016f pro poskytov\u00e1n\u00ed webov\u00fdch str\u00e1nek je to v okam\u017eiku, kdy skon\u010d\u00ed p\u0159\u00edslu\u0161n\u00e1 relace. V p\u0159\u00edpad\u011b ukl\u00e1d\u00e1n\u00ed \u00fadaj\u016f do protokolov\u00fdch soubor\u016f se tak d\u011bje nejpozd\u011bji po uplynut\u00ed jednoho m\u011bs\u00edce. Ulo\u017een\u00ed po uplynut\u00ed t\u00e9to doby je mo\u017en\u00e9. V takov\u00e9m p\u0159\u00edpad\u011b jsou IP adresy u\u017eivatel\u016f vymaz\u00e1ny nebo zcizeny, tak\u017ee p\u0159i\u0159azen\u00ed volaj\u00edc\u00edho klienta ji\u017e nen\u00ed mo\u017en\u00e9.<\/p>\n<p>4.5. Mo\u017enost n\u00e1mitky a odstran\u011bn\u00ed<\/p>\n<p>Shroma\u017e\u010fov\u00e1n\u00ed \u00fadaj\u016f pro poskytov\u00e1n\u00ed webov\u00fdch str\u00e1nek a ukl\u00e1d\u00e1n\u00ed \u00fadaj\u016f do protokolov\u00fdch soubor\u016f je naprosto nezbytn\u00e9 pro provoz webov\u00fdch str\u00e1nek. U\u017eivatel proto nem\u00e1 mo\u017enost vzn\u00e9st n\u00e1mitku.<\/p>\n<h3>5. Pou\u017e\u00edv\u00e1n\u00ed soubor\u016f cookie<\/h3>\n<p>5.1. Popis a rozsah zpracov\u00e1n\u00ed \u00fadaj\u016f<\/p>\n<p>Na\u0161e webov\u00e9 str\u00e1nky pou\u017e\u00edvaj\u00ed soubory cookie. Soubory cookie nezp\u016fsobuj\u00ed \u017e\u00e1dn\u00e9 \u0161kody na va\u0161em po\u010d\u00edta\u010di a neobsahuj\u00ed viry. Soubory cookie jsou textov\u00e9 soubory, kter\u00e9 jsou ukl\u00e1d\u00e1ny v internetov\u00e9m prohl\u00ed\u017ee\u010di nebo internetov\u00fdm prohl\u00ed\u017ee\u010dem v po\u010d\u00edta\u010dov\u00e9m syst\u00e9mu u\u017eivatele. Kdy\u017e u\u017eivatel vyvol\u00e1 webovou str\u00e1nku, m\u016f\u017ee se do jeho po\u010d\u00edta\u010dov\u00e9ho syst\u00e9mu ulo\u017eit soubor cookie. Tento soubor cookie obsahuje charakteristick\u00fd \u0159et\u011bzec znak\u016f, kter\u00fd umo\u017e\u0148uje jedine\u010dnou identifikaci prohl\u00ed\u017ee\u010de p\u0159i op\u011btovn\u00e9m vyvol\u00e1n\u00ed webov\u00e9 str\u00e1nky.<\/p>\n<p>Na na\u0161ich webov\u00fdch str\u00e1nk\u00e1ch pou\u017e\u00edv\u00e1me pouze soubory cookie, kter\u00e9 umo\u017e\u0148uj\u00ed anal\u00fdzu chov\u00e1n\u00ed u\u017eivatele p\u0159i surfov\u00e1n\u00ed. P\u0159i prvn\u00edm vstupu na na\u0161e webov\u00e9 str\u00e1nky je u\u017eivatel po\u017e\u00e1d\u00e1n o souhlas s nastaven\u00edm soubor\u016f cookie nebo o jejich odm\u00edtnut\u00ed. Soubory cookie jsou nastaveny pouze v p\u0159\u00edpad\u011b, \u017ee s t\u00edm u\u017eivatel aktivn\u011b souhlasil.<\/p>\n<p>T\u00edmto zp\u016fsobem lze p\u0159en\u00e1\u0161et n\u00e1sleduj\u00edc\u00ed \u00fadaje:<\/p>\n<p>a) Informace o typu a verzi pou\u017eit\u00e9ho prohl\u00ed\u017ee\u010de<br \/>\nb) Za\u0159\u00edzen\u00ed a opera\u010dn\u00ed syst\u00e9m u\u017eivatele<br \/>\nc) Poskytovatel internetov\u00fdch slu\u017eeb u\u017eivatele<br \/>\nd) IP adresa u\u017eivatele (pseudonymizovan\u00e1)<br \/>\ne) Datum, \u010das a doba trv\u00e1n\u00ed p\u0159\u00edstupu<br \/>\nf) Webov\u00e9 str\u00e1nky, ze kter\u00fdch syst\u00e9m u\u017eivatele p\u0159istupuje na na\u0161e webov\u00e9 str\u00e1nky<br \/>\ng) Akce prov\u00e1d\u011bn\u00e9 na webov\u00fdch str\u00e1nk\u00e1ch<br \/>\nh) M\u00edsto p\u0159\u00edstupu<\/p>\n<p>Takto shrom\u00e1\u017ed\u011bn\u00e9 \u00fadaje u\u017eivatel\u016f jsou pseudonymizov\u00e1ny pomoc\u00ed technick\u00fdch opat\u0159en\u00ed. Proto ji\u017e nen\u00ed mo\u017en\u00e9 p\u0159i\u0159adit \u00fadaje k volaj\u00edc\u00edmu u\u017eivateli. \u00dadaje nejsou ukl\u00e1d\u00e1ny spole\u010dn\u011b s dal\u0161\u00edmi osobn\u00edmi \u00fadaji u\u017eivatel\u016f.<\/p>\n<p>5.2. Pr\u00e1vn\u00ed z\u00e1klad pro zpracov\u00e1n\u00ed \u00fadaj\u016f<\/p>\n<p>Pr\u00e1vn\u00edm z\u00e1kladem pro zpracov\u00e1n\u00ed osobn\u00edch \u00fadaj\u016f pomoc\u00ed soubor\u016f cookie je Art. 6 Abs. 1 lit. a DSGVO resp. \u00a7 25 Abs. 2 Nr. 2 TTDSG.<\/p>\n<p>5.3. \u00da\u010del zpracov\u00e1n\u00ed \u00fadaj\u016f<\/p>\n<p>Analytick\u00e9 soubory cookie se pou\u017e\u00edvaj\u00ed ke zlep\u0161en\u00ed kvality na\u0161ich webov\u00fdch str\u00e1nek a jejich obsahu. Prost\u0159ednictv\u00edm analytick\u00fdch soubor\u016f cookie se dozv\u00edd\u00e1me, jak jsou webov\u00e9 str\u00e1nky pou\u017e\u00edv\u00e1ny, a m\u016f\u017eeme tak neust\u00e1le optimalizovat na\u0161i nab\u00eddku.<\/p>\n<p>5.4. Doba skladov\u00e1n\u00ed, mo\u017enost n\u00e1mitky a vy\u0159azen\u00ed<\/p>\n<p>Soubory cookie se ukl\u00e1daj\u00ed v po\u010d\u00edta\u010di u\u017eivatele a p\u0159en\u00e1\u0161ej\u00ed se z n\u011bj na na\u0161e str\u00e1nky. Proto m\u00e1te i vy jako u\u017eivatel plnou kontrolu nad pou\u017e\u00edv\u00e1n\u00edm soubor\u016f cookie. Zm\u011bnou nastaven\u00ed ve sv\u00e9m internetov\u00e9m prohl\u00ed\u017ee\u010di m\u016f\u017eete p\u0159enos soubor\u016f cookie deaktivovat nebo omezit. Ji\u017e ulo\u017een\u00e9 soubory cookie lze kdykoli vymazat. To lze prov\u00e9st i automaticky. Pokud jsou soubory cookie pro na\u0161e webov\u00e9 str\u00e1nky deaktivov\u00e1ny, je mo\u017en\u00e9, \u017ee ji\u017e nebude mo\u017en\u00e9 vyu\u017e\u00edvat v\u0161echny funkce webov\u00fdch str\u00e1nek v pln\u00e9m rozsahu.<\/p>\n<h4>Souhlas se soubory cookie u spole\u010dnosti Borlabs Cookie<\/h4>\n<p>Na\u0161e webov\u00e9 str\u00e1nky vyu\u017e\u00edvaj\u00ed technologii souhlasu se soubory cookie spole\u010dnosti Borlabs Cookie k z\u00edsk\u00e1n\u00ed va\u0161eho souhlasu s ukl\u00e1d\u00e1n\u00edm ur\u010dit\u00fdch soubor\u016f cookie ve va\u0161em prohl\u00ed\u017ee\u010di a k jeho zdokumentov\u00e1n\u00ed zp\u016fsobem, kter\u00fd je v souladu s ochranou osobn\u00edch \u00fadaj\u016f. Poskytovatelem t\u00e9to technologie je Borlabs \u2013 Benjamin A. Bornschein, Georg-Wilhelm-Str. 17, 21107 Hamburg (d\u00e1le jen Borlabs).<\/p>\n<p>P\u0159i vstupu na na\u0161e webov\u00e9 str\u00e1nky se do va\u0161eho prohl\u00ed\u017ee\u010de ulo\u017e\u00ed soubor cookie spole\u010dnosti Borlabs, kter\u00fd uchov\u00e1v\u00e1 souhlasy, kter\u00e9 jste ud\u011blili, nebo odvol\u00e1n\u00ed t\u011bchto souhlas\u016f. Tyto \u00fadaje nejsou sd\u00edleny s poskytovatelem soubor\u016f cookie spole\u010dnosti Borlabs.<\/p>\n<p>Shrom\u00e1\u017ed\u011bn\u00e9 \u00fadaje budou ulo\u017eeny, dokud n\u00e1s nepo\u017e\u00e1d\u00e1te o jejich vymaz\u00e1n\u00ed nebo dokud sami nevyma\u017eete soubor cookie spole\u010dnosti Borlabs nebo dokud nezmiz\u00ed \u00fa\u010del ulo\u017een\u00ed \u00fadaj\u016f. Povinn\u00e9 z\u00e1konn\u00e9 lh\u016fty pro uchov\u00e1v\u00e1n\u00ed \u00fadaj\u016f z\u016fst\u00e1vaj\u00ed nedot\u010deny. Podrobnosti o zpracov\u00e1n\u00ed \u00fadaj\u016f soubor\u016f cookie spole\u010dnosti Borlabs naleznete na adrese<br \/>\n<a href=\"https:\/\/de.borlabs.io\/kb\/welche-daten-speichert-borlabs-cookie\/\" target=\"_blank\" rel=\"noopener\">https:\/\/de.borlabs.io\/kb\/welche-daten-speichert-borlabs-cookie\/<\/a><\/p>\n<p>Pou\u017eit\u00ed technologie souhlasu se soubory cookie spole\u010dnosti Borlabs se prov\u00e1d\u00ed za \u00fa\u010delem z\u00edsk\u00e1n\u00ed z\u00e1konem po\u017eadovan\u00fdch souhlas\u016f s pou\u017e\u00edv\u00e1n\u00edm soubor\u016f cookie. Pr\u00e1vn\u00edm z\u00e1kladem pro to je Art. 6 Abs. 1 S. 1 lit. c DSGVO.<\/p>\n<h3>6. Roz\u0161\u00ed\u0159en\u00ed t\u0159et\u00edch stran<\/h3>\n<p>6.1. Popis a rozsah zpracov\u00e1n\u00ed \u00fadaj\u016f<\/p>\n<p>N\u011bkolik slu\u017eeb &#8211; poskytovan\u00fdch st\u00e1l\u00fdm z\u00e1kazn\u00edk\u016fm &#8211; na na\u0161ich webov\u00fdch str\u00e1nk\u00e1ch, nap\u0159. Supply Chain Management a Tracking &amp; Tracing, je zalo\u017eeno na produktech spole\u010dnosti CargoSoft GmbH. Pro vyu\u017e\u00edv\u00e1n\u00ed t\u011bchto slu\u017eeb je v\u017edy nutn\u00e1 registrace nebo p\u0159ihl\u00e1\u0161en\u00ed, jak je pops\u00e1no v bod\u011b 8.<\/p>\n<p>Z\u00e1kazn\u00edci jsou p\u0159esm\u011brov\u00e1ni na server spole\u010dnosti CargoSoft GmbH. Zpracov\u00e1n\u00ed \u00fadaj\u016f prob\u00edh\u00e1 pouze v N\u011bmecku.<\/p>\n<p>6.2. Pr\u00e1vn\u00ed z\u00e1klad pro zpracov\u00e1n\u00ed \u00fadaj\u016f<\/p>\n<p>Vyu\u017e\u00edv\u00e1n\u00ed zde uveden\u00fdch slu\u017eeb je v\u00fdhradn\u011b za \u00fa\u010delem pln\u011bn\u00ed smlouvy, jej\u00ed\u017e smluvn\u00ed stranou je u\u017eivatel. Pr\u00e1vn\u00edm z\u00e1kladem pro zpracov\u00e1n\u00ed \u00fadaj\u016f je Art. 6 Abs. 1 lit. b DSGVO.<\/p>\n<p>6.3. \u00da\u010del zpracov\u00e1n\u00ed \u00fadaj\u016f<\/p>\n<p>Vyu\u017e\u00edv\u00e1n\u00ed zde uveden\u00fdch slu\u017eeb prob\u00edh\u00e1 v\u017edy v r\u00e1mci smlouvy o poskytov\u00e1n\u00ed slu\u017eeb uzav\u0159en\u00e9 s u\u017eivatelem a je nezbytn\u00e9 pro poskytnut\u00ed ur\u010dit\u00fdch informac\u00ed nebo pracovn\u00edch n\u00e1stroj\u016f u\u017eivateli.<\/p>\n<p>6.4. Doba skladov\u00e1n\u00ed<\/p>\n<p>U\u017eivatelsk\u00e9 \u00fa\u010dty jsou uchov\u00e1v\u00e1ny po dobu, po kterou jsou pot\u0159ebn\u00e9 pro pln\u011bn\u00ed smlouvy s u\u017eivatelem.<\/p>\n<p>6.5. Mo\u017enost n\u00e1mitky a odstran\u011bn\u00ed<\/p>\n<p>Jako u\u017eivatel m\u00e1te mo\u017enost kdykoli po\u017e\u00e1dat o vymaz\u00e1n\u00ed sv\u00fdch p\u0159\u00edstupov\u00fdch \u00fadaj\u016f k v\u00fd\u0161e uveden\u00fdm slu\u017eb\u00e1m. \u00dadaje, kter\u00e9 jsou o v\u00e1s ulo\u017eeny, m\u016f\u017eete kdykoli zm\u011bnit. Sta\u010d\u00ed, kdy\u017e n\u00e1m za\u0161lete neform\u00e1ln\u00ed zpr\u00e1vu. Po vymaz\u00e1n\u00ed va\u0161eho u\u017eivatelsk\u00e9ho \u00fa\u010dtu ji\u017e nebudete m\u00edt p\u0159\u00edstup do oblast\u00ed na\u0161ich webov\u00fdch str\u00e1nek chr\u00e1n\u011bn\u00fdch heslem.<\/p>\n<h3>7. Registrace a p\u0159ihl\u00e1\u0161en\u00ed<\/h3>\n<p>7.1. Popis a rozsah zpracov\u00e1n\u00ed \u00fadaj\u016f<\/p>\n<p>Pou\u017e\u00edv\u00e1n\u00ed na\u0161ich webov\u00fdch str\u00e1nek je mo\u017en\u00e9 p\u0159edev\u0161\u00edm bez registrace nebo p\u0159ihl\u00e1\u0161en\u00ed. Pouze pro n\u011bkolik &#8211; pro pravideln\u00e9 z\u00e1kazn\u00edky dostupn\u00fdch &#8211; oblast\u00ed, jako je \u0159\u00edzen\u00ed dodavatelsk\u00e9ho \u0159et\u011bzce a Track.&amp;Tracing je nutn\u00e1 registrace.<\/p>\n<p>Online registrace do v\u00fd\u0161e uveden\u00fdch oblast\u00ed chr\u00e1n\u011bn\u00fdch heslem nen\u00ed mo\u017en\u00e1. P\u0159id\u011blen\u00ed p\u0159\u00edstupov\u00fdch \u00fadaj\u016f prov\u00e1d\u00ed v\u00fdhradn\u011b odpov\u011bdn\u00fd pracovn\u00edk v r\u00e1mci uzav\u0159en\u00ed smlouvy. V r\u00e1mci tohoto procesu je vytvo\u0159en u\u017eivatelsk\u00fd \u00fa\u010det, kter\u00fd obsahuje pouze u\u017eivatelsk\u00e9 jm\u00e9no a p\u0159i\u0159azen\u00ed k firm\u011b. U\u017eivatelsk\u00e9 jm\u00e9no m\u016f\u017ee &#8211; ale nemus\u00ed &#8211; obsahovat osobn\u00ed \u00fadaje.<\/p>\n<p>P\u0159i p\u0159ihl\u00e1\u0161en\u00ed se do souboru protokolu ukl\u00e1daj\u00ed tak\u00e9 n\u00e1sleduj\u00edc\u00ed \u00fadaje:<\/p>\n<p>a) IP adresa u\u017eivatele<br \/>\nb) Datum a \u010das registrace<\/p>\n<p>7.2. Pr\u00e1vn\u00ed z\u00e1klad pro zpracov\u00e1n\u00ed \u00fadaj\u016f<\/p>\n<p>Registrace a p\u0159ihl\u00e1\u0161en\u00ed slou\u017e\u00ed v\u00fdhradn\u011b k pln\u011bn\u00ed smlouvy, jej\u00ed\u017e stranou je u\u017eivatel. Pr\u00e1vn\u00edm z\u00e1kladem pro zpracov\u00e1n\u00ed \u00fadaj\u016f je Art. 6 Abs. 1 lit. b DSGVO.<\/p>\n<p>7.3. \u00da\u010del zpracov\u00e1n\u00ed \u00fadaj\u016f<\/p>\n<p>Registrace nebo p\u0159ihl\u00e1\u0161en\u00ed u\u017eivatele prob\u00edh\u00e1 v\u017edy v r\u00e1mci smlouvy o poskytov\u00e1n\u00ed slu\u017eeb uzav\u0159en\u00e9 s u\u017eivatelem a je nezbytn\u00e1 pro poskytnut\u00ed ur\u010dit\u00fdch informac\u00ed nebo pracovn\u00edch n\u00e1stroj\u016f u\u017eivateli.<\/p>\n<p>7.4. Doba skladov\u00e1n\u00ed<\/p>\n<p>U\u017eivatelsk\u00e9 \u00fa\u010dty jsou uchov\u00e1v\u00e1ny po dobu, po kterou jsou pot\u0159ebn\u00e9 pro pln\u011bn\u00ed smlouvy s u\u017eivatelem.<\/p>\n<p>Dodate\u010dn\u00e9 \u00fadaje ulo\u017een\u00e9 v souboru protokolu p\u0159i p\u0159ihl\u00e1\u0161en\u00ed budou nejpozd\u011bji po m\u011bs\u00edci smaz\u00e1ny. Ulo\u017een\u00ed po uplynut\u00ed t\u00e9to doby je mo\u017en\u00e9. V tomto p\u0159\u00edpad\u011b jsou IP adresy u\u017eivatel\u016f smaz\u00e1ny nebo zcizeny, tak\u017ee p\u0159i\u0159azen\u00ed volaj\u00edc\u00edho klienta ji\u017e nen\u00ed mo\u017en\u00e9.<\/p>\n<p>7.5. Mo\u017enost n\u00e1mitky a odstran\u011bn\u00ed<\/p>\n<p>Jako u\u017eivatel m\u00e1te mo\u017enost svou registraci kdykoli zru\u0161it. \u00dadaje, kter\u00e9 jsou o v\u00e1s ulo\u017eeny, m\u016f\u017eete kdykoli zm\u011bnit. Sta\u010d\u00ed, kdy\u017e n\u00e1m za\u0161lete neform\u00e1ln\u00ed zpr\u00e1vu. Po vymaz\u00e1n\u00ed u\u017eivatelsk\u00e9ho \u00fa\u010dtu ji\u017e nebudete m\u00edt p\u0159\u00edstup do oblast\u00ed na\u0161ich webov\u00fdch str\u00e1nek chr\u00e1n\u011bn\u00fdch heslem.<\/p>\n<h3>8. Kontaktn\u00ed formul\u00e1\u0159 a e-mailov\u00fd kontakt<\/h3>\n<p>8.1. Popis a rozsah zpracov\u00e1n\u00ed \u00fadaj\u016f<\/p>\n<p>Na\u0161e webov\u00e9 str\u00e1nky obsahuj\u00ed kontaktn\u00ed formul\u00e1\u0159, kter\u00fd lze pou\u017e\u00edt pro elektronick\u00fd kontakt. Pokud u\u017eivatel tuto mo\u017enost vyu\u017eije, \u00fadaje zadan\u00e9 do vstupn\u00ed masky jsou n\u00e1m p\u0159ed\u00e1ny a ulo\u017eeny. Tyto \u00fadaje jsou:<\/p>\n<p>a) Pozdrav<br \/>\nb) N\u00e1zev<br \/>\nc) N\u00e1zev spole\u010dnosti<br \/>\nd) E-mailov\u00e1 adresa<\/p>\n<p>Tyto \u00fadaje se neukl\u00e1daj\u00ed spole\u010dn\u011b s dal\u0161\u00edmi osobn\u00edmi \u00fadaji u\u017eivatele. Souhlas se zpracov\u00e1n\u00edm \u00fadaj\u016f je z\u00edsk\u00e1n b\u011bhem procesu odes\u00edl\u00e1n\u00ed a je uveden odkaz na toto prohl\u00e1\u0161en\u00ed o ochran\u011b \u00fadaj\u016f.<\/p>\n<p>P\u0159\u00edpadn\u011b n\u00e1s m\u016f\u017eete kontaktovat prost\u0159ednictv\u00edm uveden\u00e9 e-mailov\u00e9 adresy. V takov\u00e9m p\u0159\u00edpad\u011b budou osobn\u00ed \u00fadaje u\u017eivatele p\u0159edan\u00e9 e-mailem ulo\u017eeny.<\/p>\n<p>V t\u00e9to souvislosti nebudou \u00fadaje p\u0159ed\u00e1v\u00e1ny t\u0159et\u00edm stran\u00e1m. \u00dadaje se pou\u017e\u00edvaj\u00ed v\u00fdhradn\u011b pro zpracov\u00e1n\u00ed konverzace.<\/p>\n<p>8.2. Pr\u00e1vn\u00ed z\u00e1klad pro zpracov\u00e1n\u00ed \u00fadaj\u016f<\/p>\n<p>Pr\u00e1vn\u00edm z\u00e1kladem pro zpracov\u00e1n\u00ed \u00fadaj\u016f je v p\u0159\u00edpad\u011b, \u017ee u\u017eivatel ud\u011blil sv\u016fj souhlas, n\u00e1sleduj\u00edc\u00ed. Art. 6 Abs. 1 lit. a DSGVO.<\/p>\n<p>Pr\u00e1vn\u00edm z\u00e1kladem pro zpracov\u00e1n\u00ed \u00fadaj\u016f p\u0159ed\u00e1van\u00fdch v pr\u016fb\u011bhu zas\u00edl\u00e1n\u00ed e-mailu je. Art. 6 Abs. 1 lit. f DSGVO. Pokud je c\u00edlem e-mailov\u00e9ho kontaktu uzav\u0159en\u00ed smlouvy, dal\u0161\u00edm pr\u00e1vn\u00edm z\u00e1kladem pro zpracov\u00e1n\u00ed je Art. 6 Abs. 1 lit. b DSGVO.<\/p>\n<p>8.3. \u00da\u010del zpracov\u00e1n\u00ed \u00fadaj\u016f<\/p>\n<p>Zpracov\u00e1n\u00ed osobn\u00edch \u00fadaj\u016f ze vstupn\u00ed masky n\u00e1m slou\u017e\u00ed v\u00fdhradn\u011b ke zpracov\u00e1n\u00ed kontaktu. V p\u0159\u00edpad\u011b kontaktu prost\u0159ednictv\u00edm e-mailu se jedn\u00e1 rovn\u011b\u017e o nezbytn\u00fd opr\u00e1vn\u011bn\u00fd z\u00e1jem na zpracov\u00e1n\u00ed \u00fadaj\u016f.<\/p>\n<p>Dal\u0161\u00ed osobn\u00ed \u00fadaje zpracov\u00e1van\u00e9 b\u011bhem procesu odesl\u00e1n\u00ed slou\u017e\u00ed k zabr\u00e1n\u011bn\u00ed zneu\u017eit\u00ed kontaktn\u00edho formul\u00e1\u0159e a k zaji\u0161t\u011bn\u00ed bezpe\u010dnosti na\u0161ich syst\u00e9m\u016f informa\u010dn\u00edch technologi\u00ed.<\/p>\n<p>8.4. Doba skladov\u00e1n\u00ed<\/p>\n<p>\u00dadaje jsou vymaz\u00e1ny, jakmile ji\u017e nejsou pot\u0159ebn\u00e9 k dosa\u017een\u00ed \u00fa\u010delu, pro kter\u00fd byly shrom\u00e1\u017ed\u011bny. V p\u0159\u00edpad\u011b osobn\u00edch \u00fadaj\u016f ze vstupn\u00ed masky kontaktn\u00edho formul\u00e1\u0159e a \u00fadaj\u016f zaslan\u00fdch e-mailem se tak stane po ukon\u010den\u00ed p\u0159\u00edslu\u0161n\u00e9 konverzace s u\u017eivatelem. Konverzace je ukon\u010dena, kdy\u017e okolnosti nasv\u011bd\u010duj\u00ed tomu, \u017ee dan\u00e1 z\u00e1le\u017eitost byla definitivn\u011b vyjasn\u011bna.<\/p>\n<p>Z\u00e1konn\u00e1 povinnost uchov\u00e1vat \u00fadaje t\u00edm nen\u00ed dot\u010dena.<\/p>\n<p>8.5. Mo\u017enost n\u00e1mitky a odstran\u011bn\u00ed<\/p>\n<p>U\u017eivatel m\u00e1 mo\u017enost sv\u016fj souhlas se zpracov\u00e1n\u00edm osobn\u00edch \u00fadaj\u016f kdykoli odvolat. Pokud n\u00e1s u\u017eivatel kontaktuje e-mailem, m\u016f\u017ee kdykoli vzn\u00e9st n\u00e1mitku proti uchov\u00e1v\u00e1n\u00ed sv\u00fdch osobn\u00edch \u00fadaj\u016f. V takov\u00e9m p\u0159\u00edpad\u011b nelze v konverzaci pokra\u010dovat.<\/p>\n<p>Chcete-li sv\u016fj souhlas odvolat nebo vzn\u00e9st n\u00e1mitku proti uchov\u00e1v\u00e1n\u00ed va\u0161ich osobn\u00edch \u00fadaj\u016f, sta\u010d\u00ed n\u00e1m zaslat neform\u00e1ln\u00ed zpr\u00e1vu. V\u0161echny osobn\u00ed \u00fadaje ulo\u017een\u00e9 v pr\u016fb\u011bhu kontaktov\u00e1n\u00ed n\u00e1s budou v takov\u00e9m p\u0159\u00edpad\u011b vymaz\u00e1ny, pokud je vymaz\u00e1n\u00ed technicky provediteln\u00e9 a nen\u00ed v rozporu se z\u00e1konn\u00fdmi lh\u016ftami pro uchov\u00e1v\u00e1n\u00ed.<\/p>\n<h3>9. Spr\u00e1va \u00fadaj\u016f o z\u00e1kazn\u00edc\u00edch, dodavatel\u00edch a subdodavatel\u00edch<\/h3>\n<p>9.1. Popis a rozsah zpracov\u00e1n\u00ed \u00fadaj\u016f<\/p>\n<p>V r\u00e1mci prodejn\u00edch aktivit a poskytov\u00e1n\u00ed slu\u017eeb z\u00edsk\u00e1v\u00e1me mimo jin\u00e9 osobn\u00ed \u00fadaje od zam\u011bstnanc\u016f z\u00e1kazn\u00edk\u016f, dodavatel\u016f a subdodavatel\u016f. Tyto \u00fadaje jsou:<\/p>\n<p>a) Jm\u00e9no, k\u0159estn\u00ed jm\u00e9no<br \/>\nb) telefonn\u00ed \u010d\u00edslo do firmy<br \/>\nc) firemn\u00ed e-mailov\u00e1 adresa<br \/>\nd) P\u0159\u00edpadn\u00e1 adresa (pokud se jedn\u00e1 o soukromou osobu nebo \u017eivnostn\u00edka)<br \/>\ne) P\u0159\u00edpadn\u011b bankovn\u00ed \u00fadaje (pokud je \u017eadatel soukrom\u00e1 osoba nebo \u017eivnostn\u00edk)<\/p>\n<p>Tyto \u00fadaje jsou ulo\u017eeny v kmenov\u00fdch \u00fadaj\u00edch \u00fa\u010dastn\u00edk\u016f a v pracovn\u00edch dokumentech p\u0159\u00edslu\u0161n\u00e9 zak\u00e1zky.<\/p>\n<p>\u00dadaje mohou b\u00fdt p\u0159ed\u00e1ny dal\u0161\u00edm stran\u00e1m zapojen\u00fdm do p\u0159\u00edslu\u0161n\u00e9 zak\u00e1zky, pokud je to nezbytn\u00e9 pro proveden\u00ed zak\u00e1zky. \u00dadaje nebudou p\u0159ed\u00e1v\u00e1ny nez\u00fa\u010dastn\u011bn\u00fdm t\u0159et\u00edm stran\u00e1m.<\/p>\n<p>9.2. Pr\u00e1vn\u00ed z\u00e1klad pro zpracov\u00e1n\u00ed \u00fadaj\u016f<\/p>\n<p>Zpracov\u00e1n\u00ed \u00fadaj\u016f je nezbytn\u00e9 pro proveden\u00ed p\u0159edsmluvn\u00edch opat\u0159en\u00ed nebo pln\u011bn\u00ed smlouvy, jej\u00ed\u017e smluvn\u00ed stranou je u\u017eivatel, a pro pln\u011bn\u00ed pr\u00e1vn\u00edch povinnost\u00ed. Pr\u00e1vn\u00edm z\u00e1kladem pro zpracov\u00e1n\u00ed \u00fadaj\u016f je Art. 6 Abs. 1 lit. b, c a f DSGVO.<\/p>\n<p>9.3. \u00da\u010del zpracov\u00e1n\u00ed \u00fadaj\u016f<\/p>\n<p>Shroma\u017e\u010fov\u00e1n\u00ed a uchov\u00e1v\u00e1n\u00ed osobn\u00edch \u00fadaj\u016f zam\u011bstnanc\u016f, dodavatel\u016f a subdodavatel\u016f z\u00e1kazn\u00edk\u016f je nezbytn\u00e9 pro bezprobl\u00e9movou komunikaci a poskytov\u00e1n\u00ed slu\u017eeb.<\/p>\n<p>Po ukon\u010den\u00ed smluvn\u00edho vztahu je uchov\u00e1v\u00e1n\u00ed \u00fadaj\u016f st\u00e1le nezbytn\u00e9 z d\u016fvodu z\u00e1konn\u00fdch po\u017eadavk\u016f.<\/p>\n<p>9.4. Doba skladov\u00e1n\u00ed, mo\u017enost n\u00e1mitky a vy\u0159azen\u00ed<\/p>\n<p>Vzhledem k pr\u00e1vn\u011b z\u00e1vazn\u00fdm povinnostem uchov\u00e1v\u00e1n\u00ed \u00fadaj\u016f a dal\u0161\u00edm z\u00e1konn\u00fdm povinnostem budou \u00fadaje uchov\u00e1v\u00e1ny po dobu 10 let po dokon\u010den\u00ed p\u0159\u00edslu\u0161n\u00e9 zak\u00e1zky nebo po ukon\u010den\u00ed smluvn\u00edho vztahu s dot\u010denou stranou. P\u0159ed\u010dasn\u00e9 vymaz\u00e1n\u00ed \u00fadaj\u016f nen\u00ed mo\u017en\u00e9.<\/p>\n<h3>10. Pr\u00e1va subjektu \u00fadaj\u016f<\/h3>\n<p>Pokud jsou zpracov\u00e1v\u00e1ny va\u0161e osobn\u00ed \u00fadaje, jste subjektem \u00fadaj\u016f. i.S.d. DSGVO a m\u00e1te n\u00e1sleduj\u00edc\u00ed pr\u00e1va v\u016f\u010di odpov\u011bdn\u00e9 osob\u011b:<\/p>\n<p>10.1. Pr\u00e1vo na informace<\/p>\n<p>Od spr\u00e1vce si m\u016f\u017eete vy\u017e\u00e1dat potvrzen\u00ed, zda zpracov\u00e1v\u00e1me osobn\u00ed \u00fadaje, kter\u00e9 se v\u00e1s t\u00fdkaj\u00ed.<\/p>\n<p>Pokud k takov\u00e9mu zpracov\u00e1n\u00ed doch\u00e1z\u00ed, m\u016f\u017eete si od spr\u00e1vce vy\u017e\u00e1dat n\u00e1sleduj\u00edc\u00ed informace:<\/p>\n<p>(1) \u00fa\u010dely, pro kter\u00e9 jsou osobn\u00ed \u00fadaje zpracov\u00e1v\u00e1ny;<\/p>\n<p>(2) kategorie zpracov\u00e1van\u00fdch osobn\u00edch \u00fadaj\u016f;<\/p>\n<p>(3) p\u0159\u00edjemci nebo kategorie p\u0159\u00edjemc\u016f, kter\u00fdm byly nebo budou zp\u0159\u00edstupn\u011bny osobn\u00ed \u00fadaje, kter\u00e9 se v\u00e1s t\u00fdkaj\u00ed;<\/p>\n<p>(4) pl\u00e1novanou dobu uchov\u00e1v\u00e1n\u00ed osobn\u00edch \u00fadaj\u016f, kter\u00e9 se v\u00e1s t\u00fdkaj\u00ed, nebo, pokud o tom nen\u00ed mo\u017en\u00e9 z\u00edskat konkr\u00e9tn\u00ed informace, krit\u00e9ria pro stanoven\u00ed doby uchov\u00e1v\u00e1n\u00ed;<\/p>\n<p>(5) existenci pr\u00e1va na opravu nebo v\u00fdmaz osobn\u00edch \u00fadaj\u016f, kter\u00e9 se v\u00e1s t\u00fdkaj\u00ed, pr\u00e1va na omezen\u00ed zpracov\u00e1n\u00ed ze strany spr\u00e1vce nebo pr\u00e1va vzn\u00e9st n\u00e1mitku proti takov\u00e9mu zpracov\u00e1n\u00ed;<\/p>\n<p>(6) existenci pr\u00e1va na odvol\u00e1n\u00ed k dozorov\u00e9mu \u00fa\u0159adu;<\/p>\n<p>(7) ve\u0161ker\u00e9 dostupn\u00e9 informace o p\u016fvodu \u00fadaj\u016f, pokud osobn\u00ed \u00fadaje nebyly z\u00edsk\u00e1ny od subjektu \u00fadaj\u016f;<\/p>\n<p>(8) existenci automatizovan\u00e9ho rozhodov\u00e1n\u00ed, v\u010detn\u011b profilov\u00e1n\u00ed, v souladu se z\u00e1konem o ochran\u011b osobn\u00edch \u00fadaj\u016f. Art. 22 Abs. 1 und 4 DSGVO a p\u0159inejmen\u0161\u00edm v t\u011bchto p\u0159\u00edpadech smyslupln\u00e9 informace o p\u0159\u00edslu\u0161n\u00e9 logice a rozsahu a zam\u00fd\u0161len\u00fdch \u00fa\u010dinc\u00edch takov\u00e9ho zpracov\u00e1n\u00ed pro subjekt \u00fadaj\u016f.<\/p>\n<p>M\u00e1te pr\u00e1vo po\u017e\u00e1dat o informace o tom, zda jsou osobn\u00ed \u00fadaje, kter\u00e9 se v\u00e1s t\u00fdkaj\u00ed, p\u0159ed\u00e1v\u00e1ny do t\u0159et\u00ed zem\u011b nebo mezin\u00e1rodn\u00ed organizaci. V t\u00e9to souvislosti m\u016f\u017eete po\u017e\u00e1dat o informace o vhodn\u00fdch z\u00e1ruk\u00e1ch podle \u010dl. Art. 46 DSGVO v souvislosti s p\u0159enosem.<\/p>\n<p>10.2. Pr\u00e1vo na opravu<\/p>\n<p>M\u00e1te pr\u00e1vo na opravu a\/nebo dopln\u011bn\u00ed v\u016f\u010di spr\u00e1vci, pokud jsou osobn\u00ed \u00fadaje, kter\u00e9 o v\u00e1s zpracov\u00e1v\u00e1, nep\u0159esn\u00e9 nebo ne\u00fapln\u00e9. Spr\u00e1vce provede opravu bez zbyte\u010dn\u00e9ho odkladu.<\/p>\n<p>10.3. Pr\u00e1vo na omezen\u00ed zpracov\u00e1n\u00ed<\/p>\n<p>O omezen\u00ed zpracov\u00e1n\u00ed osobn\u00edch \u00fadaj\u016f, kter\u00e9 se v\u00e1s t\u00fdkaj\u00ed, m\u016f\u017eete po\u017e\u00e1dat za t\u011bchto podm\u00ednek:<\/p>\n<p>(1) pokud zpochybn\u00edte p\u0159esnost osobn\u00edch \u00fadaj\u016f, kter\u00e9 se v\u00e1s t\u00fdkaj\u00ed, a to po dobu, kter\u00e1 spr\u00e1vci umo\u017en\u00ed p\u0159esnost osobn\u00edch \u00fadaj\u016f ov\u011b\u0159it;<\/p>\n<p>(2) zpracov\u00e1n\u00ed je protipr\u00e1vn\u00ed a vy odm\u00edtnete v\u00fdmaz osobn\u00edch \u00fadaj\u016f a m\u00edsto toho po\u017e\u00e1d\u00e1te o omezen\u00ed pou\u017e\u00edv\u00e1n\u00ed osobn\u00edch \u00fadaj\u016f;<\/p>\n<p>(3) spr\u00e1vce ji\u017e osobn\u00ed \u00fadaje nepot\u0159ebuje pro \u00fa\u010dely zpracov\u00e1n\u00ed, ale vy je pot\u0159ebujete pro uplatn\u011bn\u00ed, v\u00fdkon nebo obhajobu pr\u00e1vn\u00edch n\u00e1rok\u016f, nebo<\/p>\n<p>(4) pokud jste vznesli n\u00e1mitku proti zpracov\u00e1n\u00ed podle \u010dl. 21 odst. 1 DSGVO a dosud nebylo rozhodnuto, zda opr\u00e1vn\u011bn\u00e9 d\u016fvody spr\u00e1vce p\u0159eva\u017euj\u00ed nad va\u0161imi d\u016fvody.<\/p>\n<p>Pokud bylo zpracov\u00e1n\u00ed osobn\u00edch \u00fadaj\u016f, kter\u00e9 se v\u00e1s t\u00fdkaj\u00ed, omezeno, mohou b\u00fdt tyto \u00fadaje, s v\u00fdjimkou jejich ulo\u017een\u00ed, zpracov\u00e1v\u00e1ny pouze s va\u0161\u00edm souhlasem nebo za \u00fa\u010delem ur\u010den\u00ed, v\u00fdkonu nebo obhajoby pr\u00e1vn\u00edch n\u00e1rok\u016f nebo za \u00fa\u010delem ochrany pr\u00e1v jin\u00e9 fyzick\u00e9 nebo pr\u00e1vnick\u00e9 osoby nebo z d\u016fvod\u016f d\u016fle\u017eit\u00e9ho ve\u0159ejn\u00e9ho z\u00e1jmu Unie nebo \u010dlensk\u00e9ho st\u00e1tu.<\/p>\n<p>Wurde die Einschr\u00e4nkung der Verarbeitung nach den o.g. Voraussetzungen eingeschr\u00e4nkt, werden Sie von dem Verantwortlichen unterrichtet bevor die Einschr\u00e4nkung aufgehoben wird.<\/p>\n<p>10.4. Pr\u00e1vo na v\u00fdmaz<\/p>\n<p>a. Povinnost vymazat<\/p>\n<p>Spr\u00e1vce m\u016f\u017eete po\u017e\u00e1dat o neprodlen\u00e9 vymaz\u00e1n\u00ed osobn\u00edch \u00fadaj\u016f, kter\u00e9 se v\u00e1s t\u00fdkaj\u00ed, a spr\u00e1vce je povinen tyto \u00fadaje neprodlen\u011b vymazat, pokud nastane jeden z t\u011bchto d\u016fvod\u016f:<\/p>\n<p>(1) Osobn\u00ed \u00fadaje, kter\u00e9 se v\u00e1s t\u00fdkaj\u00ed, ji\u017e nejsou pot\u0159ebn\u00e9 pro \u00fa\u010dely, pro kter\u00e9 byly shrom\u00e1\u017ed\u011bny nebo jinak zpracov\u00e1ny.<\/p>\n<p>(2) Odvol\u00e1te sv\u016fj souhlas, na kter\u00e9m je zalo\u017eeno zpracov\u00e1n\u00ed podle \u010dl. 6 odst. 1 lit. a nebo \u010dl. 9 odst. 2 lit. a DSGVO a pro zpracov\u00e1n\u00ed neexistuje \u017e\u00e1dn\u00fd jin\u00fd pr\u00e1vn\u00ed z\u00e1klad.<\/p>\n<p>(3) Podle \u010dl. 21 odst. 1 DSGVO vzn\u00e9st n\u00e1mitku proti zpracov\u00e1n\u00ed a neexistuj\u00ed \u017e\u00e1dn\u00e9 p\u0159eva\u017euj\u00edc\u00ed opr\u00e1vn\u011bn\u00e9 d\u016fvody pro zpracov\u00e1n\u00ed, nebo pod\u00e1te st\u00ed\u017enost podle \u010dl. 21 odst. 2 DSGVO vzn\u00e9st n\u00e1mitku proti zpracov\u00e1n\u00ed.<\/p>\n<p>(4) Osobn\u00ed \u00fadaje, kter\u00e9 se v\u00e1s t\u00fdkaj\u00ed, byly zpracov\u00e1ny protipr\u00e1vn\u011b.<\/p>\n<p>(5) V\u00fdmaz osobn\u00edch \u00fadaj\u016f, kter\u00e9 se v\u00e1s t\u00fdkaj\u00ed, je nezbytn\u00fd pro spln\u011bn\u00ed pr\u00e1vn\u00ed povinnosti podle pr\u00e1va Unie nebo \u010dlensk\u00e9ho st\u00e1tu, kter\u00e9 se na spr\u00e1vce vztahuje.<\/p>\n<p>(6) Osobn\u00ed \u00fadaje, kter\u00e9 se v\u00e1s t\u00fdkaj\u00ed, byly zpracov\u00e1ny v souvislosti s nab\u00eddkou slu\u017eeb informa\u010dn\u00ed spole\u010dnosti podle \u010dl. 8 odst. 1 DSGVO zv\u00fd\u0161en\u00e9.<\/p>\n<p>b. Informace t\u0159et\u00edm stran\u00e1m<\/p>\n<p>Pokud spr\u00e1vce zve\u0159ejnil osobn\u00ed \u00fadaje, kter\u00e9 se v\u00e1s t\u00fdkaj\u00ed, a je povinen tak u\u010dinit podle \u010dl. 17 odst. 1 DSGVO v\u00fdmaz, p\u0159ijme p\u0159im\u011b\u0159en\u00e1 opat\u0159en\u00ed, v\u010detn\u011b technick\u00fdch opat\u0159en\u00ed, s ohledem na dostupnou technologii a n\u00e1klady na proveden\u00ed, aby informoval spr\u00e1vce \u00fadaj\u016f, kte\u0159\u00ed zpracov\u00e1vaj\u00ed osobn\u00ed \u00fadaje, \u017ee jste jako subjekt \u00fadaj\u016f po\u017e\u00e1dali o v\u00fdmaz v\u0161ech odkaz\u016f na tyto osobn\u00ed \u00fadaje nebo jejich kopi\u00ed \u010di replikac\u00ed.<\/p>\n<p>c. V\u00fdjimky<\/p>\n<p>Pr\u00e1vo na v\u00fdmaz neexistuje, pokud je zpracov\u00e1n\u00ed nezbytn\u00e9<\/p>\n<p>(1) o v\u00fdkonu pr\u00e1va na svobodu projevu a informac\u00ed;<\/p>\n<p>(2) pro spln\u011bn\u00ed pr\u00e1vn\u00ed povinnosti, kter\u00e1 vy\u017eaduje zpracov\u00e1n\u00ed podle pr\u00e1va Unie nebo \u010dlensk\u00e9ho st\u00e1tu, kter\u00e9 se na spr\u00e1vce vztahuje, nebo pro spln\u011bn\u00ed \u00fakolu prov\u00e1d\u011bn\u00e9ho ve ve\u0159ejn\u00e9m z\u00e1jmu nebo p\u0159i v\u00fdkonu ve\u0159ejn\u00e9 moci, kter\u00fdm je spr\u00e1vce pov\u011b\u0159en;<\/p>\n<p>(3) z d\u016fvodu ve\u0159ejn\u00e9ho z\u00e1jmu v oblasti ve\u0159ejn\u00e9ho zdrav\u00ed podle \u010dl. 9 odst. 2 lit. h a i a \u010dl. 9 odst. 3 DSGVO;<\/p>\n<p>(4) pro \u00fa\u010dely archivace ve ve\u0159ejn\u00e9m z\u00e1jmu, pro \u00fa\u010dely v\u011bdeck\u00e9ho nebo historick\u00e9ho v\u00fdzkumu nebo pro statistick\u00e9 \u00fa\u010dely podle \u010dl. 89 odst. 1 DSGVO, v rozsahu, v jak\u00e9m by pr\u00e1vo uveden\u00e9 v p\u00edsmenu a) mohlo znemo\u017enit nebo v\u00e1\u017en\u011b ohrozit dosa\u017een\u00ed \u00fa\u010del\u016f takov\u00e9ho zpracov\u00e1n\u00ed, nebo<\/p>\n<p>(5) pro uplatn\u011bn\u00ed, v\u00fdkon nebo obhajobu pr\u00e1vn\u00edch n\u00e1rok\u016f.<\/p>\n<p>10.5. Pr\u00e1vo na informace<\/p>\n<p>Pokud jste u spr\u00e1vce uplatnili pr\u00e1vo na opravu, v\u00fdmaz nebo omezen\u00ed zpracov\u00e1n\u00ed, je spr\u00e1vce povinen tuto opravu nebo v\u00fdmaz \u00fadaj\u016f nebo omezen\u00ed zpracov\u00e1n\u00ed sd\u011blit v\u0161em p\u0159\u00edjemc\u016fm, kter\u00fdm byly osobn\u00ed \u00fadaje, kter\u00e9 se v\u00e1s t\u00fdkaj\u00ed, zp\u0159\u00edstupn\u011bny, leda\u017ee se to uk\u00e1\u017ee jako nemo\u017en\u00e9 nebo to vy\u017eaduje nep\u0159im\u011b\u0159en\u00e9 \u00fasil\u00ed.<\/p>\n<p>M\u00e1te pr\u00e1vo, aby v\u00e1s spr\u00e1vce o t\u011bchto p\u0159\u00edjemc\u00edch informoval.<\/p>\n<p>10.6. Pr\u00e1vo na p\u0159enositelnost \u00fadaj\u016f<\/p>\n<p>M\u00e1te pr\u00e1vo z\u00edskat osobn\u00ed \u00fadaje, kter\u00e9 se v\u00e1s t\u00fdkaj\u00ed a kter\u00e9 jste poskytli spr\u00e1vci, ve strukturovan\u00e9m, b\u011b\u017en\u011b pou\u017e\u00edvan\u00e9m a strojov\u011b \u010diteln\u00e9m form\u00e1tu. M\u00e1te rovn\u011b\u017e pr\u00e1vo p\u0159edat tyto \u00fadaje jin\u00e9mu spr\u00e1vci, ani\u017e by tomu spr\u00e1vce, kter\u00e9mu byly osobn\u00ed \u00fadaje poskytnuty, br\u00e1nil, a to za p\u0159edpokladu, \u017ee<\/p>\n<p>(1) zpracov\u00e1n\u00ed je zalo\u017eeno na souhlasu podle \u010dl.6 odst. 1 lit. a DSGVO nebo \u010dl. 9 odst. 2 lit. a DSGVO nebo na z\u00e1klad\u011b smlouvy podle \u010dl. \u010dl. 6 odst. 1 lit. b DSGVO je zalo\u017een na<\/p>\n<p>a<\/p>\n<p>(2) zpracov\u00e1n\u00ed se prov\u00e1d\u00ed pomoc\u00ed automatizovan\u00fdch postup\u016f.<\/p>\n<p>P\u0159i uplat\u0148ov\u00e1n\u00ed tohoto pr\u00e1va m\u00e1te rovn\u011b\u017e pr\u00e1vo dos\u00e1hnout toho, aby osobn\u00ed \u00fadaje, kter\u00e9 se v\u00e1s t\u00fdkaj\u00ed, byly p\u0159ed\u00e1ny p\u0159\u00edmo od jednoho spr\u00e1vce jin\u00e9mu spr\u00e1vci, pokud je to technicky provediteln\u00e9.<\/p>\n<p>T\u00edm nesm\u00ed b\u00fdt dot\u010deny svobody a pr\u00e1va jin\u00fdch osob.<\/p>\n<p>Pr\u00e1vo na p\u0159enositelnost \u00fadaj\u016f se nevztahuje na zpracov\u00e1n\u00ed osobn\u00edch \u00fadaj\u016f, kter\u00e9 je nezbytn\u00e9 pro spln\u011bn\u00ed \u00fakolu prov\u00e1d\u011bn\u00e9ho ve ve\u0159ejn\u00e9m z\u00e1jmu nebo p\u0159i v\u00fdkonu ve\u0159ejn\u00e9 moci sv\u011b\u0159en\u00e9 spr\u00e1vci.<\/p>\n<p>10.7. Pr\u00e1vo na n\u00e1mitku<\/p>\n<p>Z d\u016fvod\u016f t\u00fdkaj\u00edc\u00edch se va\u0161\u00ed konkr\u00e9tn\u00ed situace m\u00e1te pr\u00e1vo kdykoli vzn\u00e9st n\u00e1mitku proti zpracov\u00e1n\u00ed osobn\u00edch \u00fadaj\u016f, kter\u00e9 se v\u00e1s t\u00fdkaj\u00ed a kter\u00e9 je prov\u00e1d\u011bno na z\u00e1klad\u011b \u010dl. 6 odst. 1 p\u00edsm. e) nebo f) DSGVO; to plat\u00ed i pro profilov\u00e1n\u00ed zalo\u017een\u00e9 na t\u011bchto ustanoven\u00edch.<\/p>\n<p>Spr\u00e1vce ji\u017e nebude zpracov\u00e1vat osobn\u00ed \u00fadaje, kter\u00e9 se v\u00e1s t\u00fdkaj\u00ed, pokud neprok\u00e1\u017ee z\u00e1va\u017en\u00e9 opr\u00e1vn\u011bn\u00e9 d\u016fvody pro zpracov\u00e1n\u00ed, kter\u00e9 p\u0159eva\u017euj\u00ed nad va\u0161imi z\u00e1jmy, pr\u00e1vy a svobodami, nebo pro ur\u010den\u00ed, v\u00fdkon nebo obhajobu pr\u00e1vn\u00edch n\u00e1rok\u016f.<br \/>\nPokud jsou osobn\u00ed \u00fadaje, kter\u00e9 se v\u00e1s t\u00fdkaj\u00ed, zpracov\u00e1v\u00e1ny pro \u00fa\u010dely p\u0159\u00edm\u00e9ho marketingu, m\u00e1te pr\u00e1vo kdykoli vzn\u00e9st n\u00e1mitku proti zpracov\u00e1n\u00ed osobn\u00edch \u00fadaj\u016f, kter\u00e9 se v\u00e1s t\u00fdkaj\u00ed, pro \u00fa\u010dely takov\u00e9ho marketingu; to plat\u00ed i pro profilov\u00e1n\u00ed, pokud s takov\u00fdm p\u0159\u00edm\u00fdm marketingem souvis\u00ed.<\/p>\n<p>Pokud vznesete n\u00e1mitku proti zpracov\u00e1n\u00ed pro \u00fa\u010dely p\u0159\u00edm\u00e9ho marketingu, osobn\u00ed \u00fadaje, kter\u00e9 se v\u00e1s t\u00fdkaj\u00ed, ji\u017e nebudou pro tyto \u00fa\u010dely zpracov\u00e1v\u00e1ny. V souvislosti s vyu\u017e\u00edv\u00e1n\u00edm slu\u017eeb informa\u010dn\u00ed spole\u010dnosti m\u00e1te mo\u017enost &#8211; bez ohledu na sm\u011brnici 2002\/58\/EG \u2013 Uplatn\u011bn\u00ed pr\u00e1va na n\u00e1mitku prost\u0159ednictv\u00edm automatizovan\u00fdch postup\u016f s vyu\u017eit\u00edm technick\u00fdch specifikac\u00ed.<\/p>\n<p>10.8. Pr\u00e1vo odvolat prohl\u00e1\u0161en\u00ed o souhlasu podle z\u00e1kona o ochran\u011b osobn\u00edch \u00fadaj\u016f<\/p>\n<p>Podle z\u00e1kona o ochran\u011b osobn\u00edch \u00fadaj\u016f m\u00e1te pr\u00e1vo kdykoli odvolat sv\u00e9 prohl\u00e1\u0161en\u00ed o souhlasu. Odvol\u00e1n\u00ed souhlasu nem\u00e1 vliv na z\u00e1konnost zpracov\u00e1n\u00ed prov\u00e1d\u011bn\u00e9ho na z\u00e1klad\u011b souhlasu do jeho odvol\u00e1n\u00ed.<\/p>\n<p>10.9. Pr\u00e1vo podat st\u00ed\u017enost u dozorov\u00e9ho \u00fa\u0159adu<\/p>\n<p>Ani\u017e jsou dot\u010deny jak\u00e9koli jin\u00e9 spr\u00e1vn\u00ed nebo soudn\u00ed opravn\u00e9 prost\u0159edky, m\u00e1te pr\u00e1vo podat st\u00ed\u017enost u dozorov\u00e9ho \u00fa\u0159adu, zejm\u00e9na v \u010dlensk\u00e9m st\u00e1t\u011b sv\u00e9ho bydli\u0161t\u011b, pracovi\u0161t\u011b nebo m\u00edsta \u00fadajn\u00e9ho poru\u0161en\u00ed, pokud se domn\u00edv\u00e1te, \u017ee zpracov\u00e1n\u00ed osobn\u00edch \u00fadaj\u016f, kter\u00e9 se v\u00e1s t\u00fdkaj\u00ed, poru\u0161uje DSGVO.<\/p>\n<p>Dozorov\u00fd \u00fa\u0159ad, kter\u00e9mu byla st\u00ed\u017enost pod\u00e1na, informuje st\u011b\u017eovatele o stavu a v\u00fdsledku st\u00ed\u017enosti, v\u010detn\u011b mo\u017enosti soudn\u00edho opravn\u00e9ho prost\u0159edku podle \u010dl. 78 DSGVO.<\/p>\n<\/div><\/div><\/div><\/div><\/div><\/div><\/div><\/section>\n","protected":false},"excerpt":{"rendered":"1. Jm\u00e9no a adresa odpov\u011bdn\u00e9 osoby Odpov\u011bdnou osobou ve smyslu obecn\u00e9ho na\u0159\u00edzen\u00ed o ochran\u011b osobn\u00edch \u00fadaj\u016f a dal\u0161\u00edch vnitrost\u00e1tn\u00edch pr\u00e1vn\u00edch p\u0159edpis\u016f \u010dlensk\u00fdch st\u00e1t\u016f o ochran\u011b osobn\u00edch \u00fadaj\u016f, jako\u017e i dal\u0161\u00edch p\u0159edpis\u016f o ochran\u011b osobn\u00edch \u00fadaj\u016f, je spole\u010dnost: Seabridge Transport GmbH Ludwig-Erhard-Str. 14 20459 Hamburg Deutschland Tel.: +49 40 374933-0 E-Mail: info(at)seabridge.de Website: www.seabridge.de 2. Jm\u00e9no...","protected":false},"author":2,"featured_media":0,"parent":0,"menu_order":0,"comment_status":"closed","ping_status":"closed","template":"","meta":{"footnotes":"","_links_to":"","_links_to_target":""},"class_list":["post-14123","page","type-page","status-publish","hentry"],"yoast_head":"<!-- This site is optimized with the Yoast SEO plugin v22.9 - https:\/\/yoast.com\/wordpress\/plugins\/seo\/ -->\n<title>Ochrana \u00fadaj\u016f - Seabridge Transport GmbH<\/title>\n<meta name=\"robots\" content=\"noindex, nofollow\" \/>\n<meta property=\"og:locale\" content=\"cs_CZ\" \/>\n<meta property=\"og:type\" content=\"article\" \/>\n<meta property=\"og:title\" content=\"Ochrana \u00fadaj\u016f - Seabridge Transport GmbH\" \/>\n<meta property=\"og:url\" content=\"https:\/\/www.seabridge.de\/cs\/datenschutz\/\" \/>\n<meta property=\"og:site_name\" content=\"Seabridge Transport GmbH\" \/>\n<meta property=\"article:modified_time\" content=\"2023-08-10T09:43:49+00:00\" \/>\n<meta property=\"og:image\" content=\"https:\/\/www.seabridge.de\/wp-content\/uploads\/2022\/11\/f_social-image.jpg\" \/>\n\t<meta property=\"og:image:width\" content=\"2500\" \/>\n\t<meta property=\"og:image:height\" content=\"1669\" \/>\n\t<meta property=\"og:image:type\" content=\"image\/jpeg\" \/>\n<meta name=\"twitter:card\" content=\"summary_large_image\" \/>\n<meta name=\"twitter:label1\" content=\"Odhadovan\u00e1 doba \u010dten\u00ed\" \/>\n\t<meta name=\"twitter:data1\" content=\"20 minut\" \/>\n<script type=\"application\/ld+json\" class=\"yoast-schema-graph\">{\"@context\":\"https:\/\/schema.org\",\"@graph\":[{\"@type\":\"WebPage\",\"@id\":\"https:\/\/www.seabridge.de\/cs\/datenschutz\/\",\"url\":\"https:\/\/www.seabridge.de\/cs\/datenschutz\/\",\"name\":\"Ochrana \u00fadaj\u016f - Seabridge Transport GmbH\",\"isPartOf\":{\"@id\":\"https:\/\/www.seabridge.de\/#website\"},\"datePublished\":\"2021-12-03T16:58:27+00:00\",\"dateModified\":\"2023-08-10T09:43:49+00:00\",\"breadcrumb\":{\"@id\":\"https:\/\/www.seabridge.de\/cs\/datenschutz\/#breadcrumb\"},\"inLanguage\":\"cs\",\"potentialAction\":[{\"@type\":\"ReadAction\",\"target\":[\"https:\/\/www.seabridge.de\/cs\/datenschutz\/\"]}]},{\"@type\":\"BreadcrumbList\",\"@id\":\"https:\/\/www.seabridge.de\/cs\/datenschutz\/#breadcrumb\",\"itemListElement\":[{\"@type\":\"ListItem\",\"position\":1,\"name\":\"Startseite\",\"item\":\"https:\/\/www.seabridge.de\/cs\/\"},{\"@type\":\"ListItem\",\"position\":2,\"name\":\"Ochrana \u00fadaj\u016f\"}]},{\"@type\":\"WebSite\",\"@id\":\"https:\/\/www.seabridge.de\/#website\",\"url\":\"https:\/\/www.seabridge.de\/\",\"name\":\"Seabridge Transport GmbH\",\"description\":\"Weltweite Logistik\",\"potentialAction\":[{\"@type\":\"SearchAction\",\"target\":{\"@type\":\"EntryPoint\",\"urlTemplate\":\"https:\/\/www.seabridge.de\/?s={search_term_string}\"},\"query-input\":\"required name=search_term_string\"}],\"inLanguage\":\"cs\"}]}<\/script>\n<!-- \/ Yoast SEO plugin. -->","yoast_head_json":{"title":"Ochrana \u00fadaj\u016f - Seabridge Transport GmbH","robots":{"index":"noindex","follow":"nofollow"},"og_locale":"cs_CZ","og_type":"article","og_title":"Ochrana \u00fadaj\u016f - Seabridge Transport GmbH","og_url":"https:\/\/www.seabridge.de\/cs\/datenschutz\/","og_site_name":"Seabridge Transport GmbH","article_modified_time":"2023-08-10T09:43:49+00:00","og_image":[{"width":2500,"height":1669,"url":"https:\/\/www.seabridge.de\/wp-content\/uploads\/2022\/11\/f_social-image.jpg","type":"image\/jpeg"}],"twitter_card":"summary_large_image","twitter_misc":{"Odhadovan\u00e1 doba \u010dten\u00ed":"20 minut"},"schema":{"@context":"https:\/\/schema.org","@graph":[{"@type":"WebPage","@id":"https:\/\/www.seabridge.de\/cs\/datenschutz\/","url":"https:\/\/www.seabridge.de\/cs\/datenschutz\/","name":"Ochrana \u00fadaj\u016f - Seabridge Transport GmbH","isPartOf":{"@id":"https:\/\/www.seabridge.de\/#website"},"datePublished":"2021-12-03T16:58:27+00:00","dateModified":"2023-08-10T09:43:49+00:00","breadcrumb":{"@id":"https:\/\/www.seabridge.de\/cs\/datenschutz\/#breadcrumb"},"inLanguage":"cs","potentialAction":[{"@type":"ReadAction","target":["https:\/\/www.seabridge.de\/cs\/datenschutz\/"]}]},{"@type":"BreadcrumbList","@id":"https:\/\/www.seabridge.de\/cs\/datenschutz\/#breadcrumb","itemListElement":[{"@type":"ListItem","position":1,"name":"Startseite","item":"https:\/\/www.seabridge.de\/cs\/"},{"@type":"ListItem","position":2,"name":"Ochrana \u00fadaj\u016f"}]},{"@type":"WebSite","@id":"https:\/\/www.seabridge.de\/#website","url":"https:\/\/www.seabridge.de\/","name":"Seabridge Transport GmbH","description":"Weltweite Logistik","potentialAction":[{"@type":"SearchAction","target":{"@type":"EntryPoint","urlTemplate":"https:\/\/www.seabridge.de\/?s={search_term_string}"},"query-input":"required name=search_term_string"}],"inLanguage":"cs"}]}},"_links":{"self":[{"href":"https:\/\/www.seabridge.de\/cs\/wp-json\/wp\/v2\/pages\/14123","targetHints":{"allow":["GET"]}}],"collection":[{"href":"https:\/\/www.seabridge.de\/cs\/wp-json\/wp\/v2\/pages"}],"about":[{"href":"https:\/\/www.seabridge.de\/cs\/wp-json\/wp\/v2\/types\/page"}],"author":[{"embeddable":true,"href":"https:\/\/www.seabridge.de\/cs\/wp-json\/wp\/v2\/users\/2"}],"replies":[{"embeddable":true,"href":"https:\/\/www.seabridge.de\/cs\/wp-json\/wp\/v2\/comments?post=14123"}],"version-history":[{"count":7,"href":"https:\/\/www.seabridge.de\/cs\/wp-json\/wp\/v2\/pages\/14123\/revisions"}],"predecessor-version":[{"id":14148,"href":"https:\/\/www.seabridge.de\/cs\/wp-json\/wp\/v2\/pages\/14123\/revisions\/14148"}],"wp:attachment":[{"href":"https:\/\/www.seabridge.de\/cs\/wp-json\/wp\/v2\/media?parent=14123"}],"curies":[{"name":"wp","href":"https:\/\/api.w.org\/{rel}","templated":true}]}}